{"id":6,"date":"2015-08-26T14:52:22","date_gmt":"2015-08-26T14:52:22","guid":{"rendered":"http:\/\/alterconsos.fr\/blog\/?page_id=6"},"modified":"2018-04-04T11:30:15","modified_gmt":"2018-04-04T10:30:15","slug":"les-alterconsos","status":"publish","type":"page","link":"http:\/\/alterconsos.fr\/blog\/?page_id=6","title":{"rendered":"Les Alterconsos"},"content":{"rendered":"<p><a href=\"http:\/\/alterconsos.fr\/ac_flyer.html\" target=\"_blank\" rel=\"noopener\">(Voir le flyer complet ici)<\/a><\/p>\n<h3 class=\"gauche r12\">Un r\u00e9seau informel d&rsquo;alter-consommateurs unis par leur soutien \u00e0 l&rsquo;agriculture paysanne : environ 1500 familles regroup\u00e9es dans une vingtaine d&rsquo;associations<\/h3>\n<p>Le groupe d&rsquo;alterconsos de <span class=\"sansSerifB\">l&rsquo;Ha\u00ff-les-Roses<\/span> fait partie de ce r\u00e9seau au d\u00e9part form\u00e9 autour du GIE des Normands. L&rsquo;Ha\u00ff et des groupes voisins ont \u00e9tendu leur activit\u00e9 vers d&rsquo;autres groupements de producteurs.<\/p>\n<p><span class=\"sansSerifB\">Des \u00ab\u00a0alterconsos\u00a0\u00bb, conscients, <\/span> respectueux des ressources naturelles l\u00e9gu\u00e9es aux g\u00e9n\u00e9rations futures, pr\u00e9occup\u00e9s de la qualit\u00e9 de leur alimentation et soucieux de leur sant\u00e9 et de leur \u00e9quilibre.<\/p>\n<p><span class=\"sansSerifB\">Des \u00ab\u00a0alterconsos\u00a0\u00bb aimant les bonnes choses, <\/span> fines gueules, trouvant plaisir aux aliments simples et naturels, plus jouisseurs qu&rsquo;asc\u00e8tes.<\/p>\n<h2>Des producteurs, heureux de conna\u00eetre ceux qui appr\u00e9cient la qualit\u00e9 de leurs produits<\/h2>\n<p>Quelques dizaines de producteurs isol\u00e9s ou en groupements de 5 \u00e0 20 producteurs install\u00e9s en <span class=\"italic\">Normandie, Bretagne, Auvergne, Franche-Cont\u00e9, Pays-de-Loire, Andalousie, Gr\u00e8ce,<\/span> proposent un catalogue vari\u00e9 :<\/p>\n<ul>\n<li class=\"r1\"><span class=\"sansSerifB\"><em>Fruits et l\u00e9gumes<\/em> : <\/span>betteraves, carottes, courges, c\u00e9leri, \u00e9chalottes, pommes de terres, filet \u00ab\u00a0pot au feu\u00a0\u00bb, panier \u00ab\u00a0surprise\u00a0\u00bb, oranges, cl\u00e9mentines, pamplemousses, pommes, poires, avocats, etc.<\/li>\n<li class=\"r1\"><span class=\"sansSerifB\"><em>Cr\u00e8merie<\/em> : <\/span>fromages de ch\u00e8vre \/ vache, fromages blancs et faiselles, oeufs, yaourths nature \/ aux fruits, lait, morbier, comt\u00e9, etc.<\/li>\n<li class=\"r1\"><span class=\"sansSerifB\"><em>Boucherie<\/em> : <\/span>volailles poulets \/ pintades, canards magrets \/ foies gras, boeuf colis \/ steacks hach\u00e9s, veau et broutard, agneaux noirs \/ blancs, brochettes \/ merguez \/ saucisses, porcs, etc.<\/li>\n<\/ul>\n<p><span class=\"sansSerifB\">Et toutes sortes de choses : <\/span>calvados, cidre, vin, amandes, noix, raisins secs, confitures, miels, hu\u00eetres, etc.<\/p>\n<p>Environ 500 produits <span class=\"sansSerifB\">d&rsquo;agriculture paysanne<\/span> ayant eu le temps de grandir, en libert\u00e9 et \u00e0 \u00e9chelle humaine.<br \/>\n<span class=\"sansSerifB\">Souvent Bio,<\/span> labellis\u00e9 ou non, mais pas toujours.<\/p>\n<p><span class=\"sansSerifB\"><strong>Le transport<\/strong> : <\/span>il est assur\u00e9 par les producteurs, soit eux-m\u00eames au volant des camions, soit parfois par un transporteur. Les producteurs organisent leurs tourn\u00e9es pour livrer les groupes.<\/p>\n<h2>Un Circuit court &#8230;<\/h2>\n<p><span class=\"sansSerifB\">Aucune interm\u00e9diation : <\/span>juridiquement de la vente directe, pay\u00e9e par ch\u00e8ques aux producteurs. Les associations ne sont pas des interm\u00e9diaires.<\/p>\n<p><span class=\"sansSerifB\">Le groupage des commandes et la distribution dans les paniers <\/span> sont assur\u00e9es b\u00e9n\u00e9volement. Une seule commande \u00ab\u00a0du groupe\u00a0\u00bb consolide celles individuelles. Les alterconsos d\u00e9chargent les camions, assurent la r\u00e9partition dans les paniers des alterconsos puis effectuent un d\u00e9compte individuel.<\/p>\n<h2>Des commandes libres, un calendrier annuel des livraisons<\/h2>\n<p><span class=\"sansSerifB\"><strong>Le calendrier des livraisons<\/strong> : <\/span>chaque groupement de producteurs le fixe pour l&rsquo;ann\u00e9e en accord avec les groupes : <i>une fois par mois pour les Normands, tous les deux mois pour les Auvergnats et les Andalous, etc.<\/i><\/p>\n<p><span class=\"sansSerifB\"><strong>Libert\u00e9 pour les alterconsos<\/strong> : <\/span>chacun choisit dans le bon de commande de la livraison la quantit\u00e9 qu&rsquo;il souhaite, aucun ou beaucoup, r\u00e9guli\u00e8rement ou non.<\/p>\n<h3><span class=\"sansSerifB\"><strong>Contacts :<\/strong><\/span><\/h3>\n<ul>\n<li>Isabelle Suzanne-M&rsquo;Benque : <a href=\"mailto:isabelle@alterconsos.net\" target=\"_blank\" rel=\"noopener\"><span class=\"mono\">isabelle@alterconsos.net<\/span><\/a><\/li>\n<li>Dominique Colin : <a href=\"mailto:dominique@colin.sportes.fr\" target=\"_blank\" rel=\"noopener\"><span class=\"mono\">dominique@colin.sportes.fr<\/span><\/a><\/li>\n<\/ul>\n<p>&nbsp;<\/p>\n<p>&nbsp;<\/p>\n","protected":false},"excerpt":{"rendered":"<p>(Voir le flyer complet ici) Un r\u00e9seau informel d&rsquo;alter-consommateurs unis par leur soutien \u00e0 l&rsquo;agriculture paysanne : environ 1500 familles regroup\u00e9es dans une vingtaine d&rsquo;associations Le groupe d&rsquo;alterconsos de l&rsquo;Ha\u00ff-les-Roses fait partie de ce r\u00e9seau au d\u00e9part form\u00e9 autour du&hellip;<\/p>\n<p class=\"more-link-p\"><a class=\"more-link\" href=\"http:\/\/alterconsos.fr\/blog\/?page_id=6\">Read more &rarr;<\/a><\/p>\n","protected":false},"author":1,"featured_media":0,"parent":0,"menu_order":0,"comment_status":"open","ping_status":"open","template":"","meta":[],"_links":{"self":[{"href":"http:\/\/alterconsos.fr\/blog\/index.php?rest_route=\/wp\/v2\/pages\/6"}],"collection":[{"href":"http:\/\/alterconsos.fr\/blog\/index.php?rest_route=\/wp\/v2\/pages"}],"about":[{"href":"http:\/\/alterconsos.fr\/blog\/index.php?rest_route=\/wp\/v2\/types\/page"}],"author":[{"embeddable":true,"href":"http:\/\/alterconsos.fr\/blog\/index.php?rest_route=\/wp\/v2\/users\/1"}],"replies":[{"embeddable":true,"href":"http:\/\/alterconsos.fr\/blog\/index.php?rest_route=%2Fwp%2Fv2%2Fcomments&post=6"}],"version-history":[{"count":4,"href":"http:\/\/alterconsos.fr\/blog\/index.php?rest_route=\/wp\/v2\/pages\/6\/revisions"}],"predecessor-version":[{"id":136,"href":"http:\/\/alterconsos.fr\/blog\/index.php?rest_route=\/wp\/v2\/pages\/6\/revisions\/136"}],"wp:attachment":[{"href":"http:\/\/alterconsos.fr\/blog\/index.php?rest_route=%2Fwp%2Fv2%2Fmedia&parent=6"}],"curies":[{"name":"wp","href":"https:\/\/api.w.org\/{rel}","templated":true}]}}